{"id":2263,"date":"2017-12-15T09:12:33","date_gmt":"2017-12-15T08:12:33","guid":{"rendered":"http:\/\/haun-media.de\/tiltdesign\/?page_id=2263"},"modified":"2021-04-22T21:35:57","modified_gmt":"2021-04-22T19:35:57","slug":"about","status":"publish","type":"page","link":"https:\/\/haun-media.de\/tiltdesign\/about\/","title":{"rendered":"About"},"content":{"rendered":"<p>Ralf Haun<br \/>\nWuppertal<br \/>\nanaloge Fotografie<br \/>\nB&amp;W<br \/>\nStadt \/ Egalh\u00e4user \/ Stra\u00dfe<br \/>\nFarbfotos ohne Sonnenunterg\u00e4nge<br \/>\nNegativentwicklung<br \/>\nPortraits<br \/>\ngrob<br \/>\nhandvergr\u00f6\u00dfert<\/p>\n<div id=\"attachment_4623\" style=\"width: 250px\" class=\"wp-caption alignnone\"><img loading=\"lazy\" decoding=\"async\" aria-describedby=\"caption-attachment-4623\" class=\"wp-image-4623 size-full\" src=\"http:\/\/www.haun-media.de\/fotoblog\/wp-content\/uploads\/2013\/09\/raumx.jpg\" alt=\"raumx\" width=\"240\" height=\"240\" \/><p id=\"caption-attachment-4623\" class=\"wp-caption-text\">Fotolabor \/ RaumX<\/p><\/div>\n<div><strong>1976<\/strong> NRW Jugendfotowettbewerb, dritter Platz \ud83d\ude42<\/div>\n<div><strong>2014<\/strong> Peter Paulus \u2013 amphora | eine Fotoarbeit f\u00fcr das Amphora-Buch<\/div>\n<div><strong>2015<\/strong> Rahmenlos | eine Clubnacht als Kunst-Happening. Rahmenlose Fotos im Eingangsbereich KULT<br \/>\n<strong>2015<\/strong> \u201a543 M OFFEN\u2018 | Neuer Kunstverein Wuppertal.\u00a0Eine Fotoarbeit Dokumentation<\/div>\n<div><strong>2015<\/strong> vierw\u00f6chige fotografische Dokumentation \u00fcber das gemeinsame Schaffen von Gregor Eisenmann und Frank Breidenbruch<\/div>\n<div><strong>2015<\/strong> Teilnahme an der Vernissage Im Drehkreuz der Begegnung als begleitende Fotodokumentation in Wuppertal<\/div>\n<div><strong>2015<\/strong> Ausstellung 11 Meerbilder | Riedel Kantine Wuppertal<\/div>\n<div><strong>2016<\/strong> Einzelausstellung Stadt 3.9 \u2013 8.10.2016 Kunststation Vohwinkel \/ Wuppertal<\/div>\n<div><strong>2017<\/strong>\u00a0<a href=\"http:\/\/www.ralfhaun.de\/pages\/wohnungsausstellung\/\">Wohnungsaustellung<\/a>\u00a0Stadt, Natur + R\u00f8dbyhavn 23.09 zu Hause \/ Wuppertal<br \/>\n<strong>2017<\/strong> Umzug Fotolabor in die alte Polizeiwache \/ Wuppertal<br \/>\n<strong>2017<\/strong>\u00a0ab Dezember biete ich wieder folgende\u00a0<a href=\"https:\/\/haun-media.de\/fotokurs-labor\">Kurse in Wuppertal<\/a>\u00a0an<br \/>\nNegativentwicklung \/ Dosenentwicklung + vergr\u00f6\u00dfern auf Fotopapier in der Dunkelkammer<br \/>\n<strong>seit 1998<\/strong>\u00a0<i>un<\/i>regelm\u00e4\u00dfige (fotografische) Kurzaufenthalte in R\u00f8dbyhavn<br \/>\n<strong>2018<\/strong> Aktuell: Portrait- und Stra\u00dfenfotografie f\u00fcr <a href=\"https:\/\/www.bif.de\/andreasstock\">Andreas Stock<\/a><br \/>\n<strong>2018<\/strong> Katalog S T A D T 001 &#8211; 133 \/ 2016 &#8211; 18 | <a href=\"https:\/\/haun-media.de\/tiltdesign\/2018\/08\/18\/ralf-haun-stadt-city-ville-001-133-2016-18\/\">Bestellung hier m\u00f6glich<\/a><br \/>\n<strong>2018<\/strong> 6 Wochen Fotografie + Blog-Projekt auf Fej\u00f8 (D\u00e4nemark)<br \/>\n<strong>2019<\/strong> Zweite Wohnungsausstellung 2019 im April &#8211; Ralf Haun + Nadja Varga &#8211; Swimmingpool &#8211;<br \/>\n<strong>2019<\/strong> Ausstellung auf Fej\u00f8 \/ D\u00e4nemark \/ Galleri Rummet \/ Oktober 2019<br \/>\n<strong>2020<\/strong> dreieinhalb Monate Aufenthalt auf Fej\u00f8. Als Erntehelfer und Fotograf<br \/>\n<strong>2021<\/strong> Erstellung eines virtuellen Kataloges <b>OVERVIEW<\/b> 1994-2020 <a href=\"https:\/\/ralfhaun.de\/katalog2\">Online anschauen<\/a><br \/>\n<strong>2021<\/strong> 13.01-20.01.2012 fotografischer Kurzaufenthalt in Aguda \/ Portugal<br \/>\n<strong>2021<\/strong> Teilnahme am Fotowettbewerb &#8222;Vila Nova de Gaia &#8211; Photo Contest 2021&#8220;<br \/>\n<strong>2021<\/strong> August 30 Tage Arbeit und Fotografie auf Fej\u00f8<br \/>\n<strong>2022<\/strong> geplant Ausstellung der Portugal Fotografien im Milias Coffee<br \/>\n<strong>2022<\/strong> geplant sind zwei Ausstellungen in Portugal<\/p>\n<\/div>\n<div>\n<p>\u2014 Ralf Haun | 42107 Wuppertal | info @ ralfhaun.de<\/p>\n<\/div>\n","protected":false},"excerpt":{"rendered":"<p>Ralf Haun Wuppertal analoge Fotografie B&amp;W Stadt \/ Egalh\u00e4user \/ Stra\u00dfe Farbfotos ohne Sonnenunterg\u00e4nge Negativentwicklung Portraits grob handvergr\u00f6\u00dfert 1976 NRW Jugendfotowettbewerb, dritter Platz \ud83d\ude42 2014 Peter Paulus \u2013 amphora | eine Fotoarbeit f\u00fcr das Amphora-Buch 2015 Rahmenlos | eine Clubnacht als Kunst-Happening. Rahmenlose Fotos im Eingangsbereich KULT 2015 \u201a543 M OFFEN\u2018 | Neuer Kunstverein Wuppertal.\u00a0Eine&#8230;<\/p>\n<p class=\"more-link\"><a href=\"https:\/\/haun-media.de\/tiltdesign\/about\/\" class=\"themebutton3\">Read More<\/a><\/p>\n","protected":false},"author":2,"featured_media":0,"parent":0,"menu_order":0,"comment_status":"closed","ping_status":"closed","template":"","meta":{"footnotes":""},"class_list":["post-2263","page","type-page","status-publish","hentry"],"_links":{"self":[{"href":"https:\/\/haun-media.de\/tiltdesign\/wp-json\/wp\/v2\/pages\/2263","targetHints":{"allow":["GET"]}}],"collection":[{"href":"https:\/\/haun-media.de\/tiltdesign\/wp-json\/wp\/v2\/pages"}],"about":[{"href":"https:\/\/haun-media.de\/tiltdesign\/wp-json\/wp\/v2\/types\/page"}],"author":[{"embeddable":true,"href":"https:\/\/haun-media.de\/tiltdesign\/wp-json\/wp\/v2\/users\/2"}],"replies":[{"embeddable":true,"href":"https:\/\/haun-media.de\/tiltdesign\/wp-json\/wp\/v2\/comments?post=2263"}],"version-history":[{"count":11,"href":"https:\/\/haun-media.de\/tiltdesign\/wp-json\/wp\/v2\/pages\/2263\/revisions"}],"predecessor-version":[{"id":3670,"href":"https:\/\/haun-media.de\/tiltdesign\/wp-json\/wp\/v2\/pages\/2263\/revisions\/3670"}],"wp:attachment":[{"href":"https:\/\/haun-media.de\/tiltdesign\/wp-json\/wp\/v2\/media?parent=2263"}],"curies":[{"name":"wp","href":"https:\/\/api.w.org\/{rel}","templated":true}]}}